{"id":20,"date":"2016-12-09T22:00:21","date_gmt":"2016-12-09T21:00:21","guid":{"rendered":"http:\/\/gops.nozdrzec.pl\/?page_id=20"},"modified":"2025-04-24T15:19:29","modified_gmt":"2025-04-24T13:19:29","slug":"fundusz-alimentacyjny","status":"publish","type":"page","link":"https:\/\/gops.nozdrzec.pl\/?page_id=20","title":{"rendered":"Fundusz alimentacyjny"},"content":{"rendered":"<p>\u015awiadczenia z funduszu alimentacyjnego przys\u0142uguj\u0105:<\/p>\n<p>1.\u00a0\u00a0\u00a0\u00a0 obywatelom polskim;<\/p>\n<p>2.\u00a0\u00a0\u00a0\u00a0 cudzoziemcom:<\/p>\n<p>?\u00a0\u00a0 je\u017celi wynika to z wi\u0105\u017c\u0105cych Rzeczpospolit\u0105 Polsk\u0105 um\u00f3w dwustronnych o zabezpieczeniu spo\u0142ecznym,<\/p>\n<p>?\u00a0 przebywaj\u0105cym na terytorium Rzeczypospolitej Polskiej na podstawie zezwolenia na pobyt sta\u0142y, zezwolenia na pobyt rezydenta d\u0142ugoterminowego Unii Europejskiej oraz zezwolenia na pobyt czasowy udzielonego w zwi\u0105zku z okoliczno\u015bci\u0105, o kt\u00f3rej mowa w art. 186 ust. 1 pkt 3 ustawy z dnia 12 grudnia 2013 r. o cudzoziemcach (Dz. U. z 2020 r. poz. 35),<\/p>\n<p>?\u00a0\u00a0 przebywaj\u0105cym na terytorium Rzeczypospolitej Polskiej w zwi\u0105zku z uzyskaniem statusu uchod\u017acy lub ochrony uzupe\u0142niaj\u0105cej.<\/p>\n<p><strong>&#8211; je\u017celi osoby te zamieszkuj\u0105 na terytorium Rzeczypospolitej Polskiej przez okres \u015bwiadczeniowy, w kt\u00f3rym otrzymuj\u0105 \u015bwiadczenia z funduszu alimentacyjnego<\/strong>, chyba \u017ce\u00a0 dwustronne umowy mi\u0119dzynarodowe o zabezpieczeniu spo\u0142ecznym stanowi\u0105 inaczej.<\/p>\n<p>\u015awiadczenia z funduszu alimentacyjnego przys\u0142uguj\u0105 osobie uprawnionej do aliment\u00f3w od rodzica na podstawie tytu\u0142u wykonawczego pochodz\u0105cego lub zatwierdzonego przez s\u0105d, je\u017celi egzekucja okaza\u0142a si\u0119 bezskuteczna w okresie ostatnich 2 miesi\u0119cy:<\/p>\n<ul>\n<li>do uko\u0144czenia przez ni\u0105 18 roku \u017cycia albo<\/li>\n<li>w przypadku gdy uczy si\u0119\u00a0w szkole lub szkole wy\u017cszej do uko\u0144czenia przez ni\u0105 25 roku \u017cycia, albo<\/li>\n<li>w przypadku posiadania orzeczenia o znacznym stopniu niepe\u0142nosprawno\u015bci ? bez wzgl\u0119du na wiek.<\/li>\n<\/ul>\n<p>\u015awiadczenia z funduszu alimentacyjnego przys\u0142uguj\u0105 w wysoko\u015bci bie\u017c\u0105co ustalonych aliment\u00f3w, jednak\u017ce nie wy\u017cszej ni\u017c <strong>1 000 z\u0142.<\/strong><\/p>\n<p>\u015awiadczenia z funduszu alimentacyjnego przys\u0142uguj\u0105, je\u017celi doch\u00f3d rodziny w przeliczeniu na osob\u0119 w rodzinie nie przekracza kwoty\u00a0<strong>1 209\u00a0 z\u0142 <\/strong>miesi\u0119cznie.<\/p>\n<p>Przy ustalaniu prawa do \u015bwiadcze\u0144 z funduszu alimentacyjnego do dochodu rodziny nie wlicza si\u0119 kwot otrzymanych z tego funduszu.<\/p>\n<p>\u015awiadczenia z funduszu alimentacyjnego nie przys\u0142uguj\u0105, je\u017celi osoba uprawniona:<\/p>\n<ol>\n<li>zosta\u0142a umieszczona w instytucji zapewniaj\u0105cej ca\u0142odobowe utrzymanie albo\u00a0w pieczy zast\u0119pczej;<\/li>\n<li>zawar\u0142a zwi\u0105zek ma\u0142\u017ce\u0144ski.<\/li>\n<\/ol>\n<p>W przypadku utraty wa\u017cno\u015bci orzeczenia o znacznym stopniu niepe\u0142nosprawno\u015bci i uzyskania ponownego orzeczenia o znacznym stopniu niepe\u0142nosprawno\u015bci, stanowi\u0105cego kontynuacj\u0119 poprzedniego orzeczenia, prawo do \u015bwiadcze\u0144 z funduszu alimentacyjnego ustala si\u0119 od pierwszego dnia miesi\u0105ca nast\u0119puj\u0105cego po miesi\u0105cu, w kt\u00f3rym up\u0142yn\u0105\u0142 termin wa\u017cno\u015bci poprzedniego orzeczenia, je\u017celi osoba z\u0142o\u017cy\u0142a wniosek o ustalenie prawa do \u015bwiadcze\u0144 z funduszu alimentacyjnego w terminie 3 miesi\u0119cy od dnia ponownego wydania orzeczenia o znacznym stopniu niepe\u0142nosprawno\u015bci.<\/p>\n<p>Je\u017celi osoba uprawniona po uko\u0144czeniu nauki w szkole zosta\u0142a w tym samym roku kalendarzowym przyj\u0119ta do szko\u0142y wy\u017cszej, \u015bwiadczenia z funduszu alimentacyjnego przys\u0142uguj\u0105 r\u00f3wnie\u017c za wrzesie\u0144.<\/p>\n<p>&nbsp;<\/p>\n<p>&nbsp;<\/p>\n","protected":false},"excerpt":{"rendered":"<p>\u015awiadczenia z funduszu alimentacyjnego przys\u0142uguj\u0105: 1.\u00a0\u00a0\u00a0\u00a0 obywatelom polskim; 2.\u00a0\u00a0\u00a0\u00a0 cudzoziemcom: ?\u00a0\u00a0 je\u017celi wynika to z wi\u0105\u017c\u0105cych Rzeczpospolit\u0105 Polsk\u0105 um\u00f3w dwustronnych o zabezpieczeniu spo\u0142ecznym, ?\u00a0 przebywaj\u0105cym&hellip;<\/p>\n","protected":false},"author":1,"featured_media":0,"parent":0,"menu_order":0,"comment_status":"closed","ping_status":"closed","template":"","meta":{"footnotes":""},"class_list":["post-20","page","type-page","status-publish","hentry"],"_links":{"self":[{"href":"https:\/\/gops.nozdrzec.pl\/index.php?rest_route=\/wp\/v2\/pages\/20","targetHints":{"allow":["GET"]}}],"collection":[{"href":"https:\/\/gops.nozdrzec.pl\/index.php?rest_route=\/wp\/v2\/pages"}],"about":[{"href":"https:\/\/gops.nozdrzec.pl\/index.php?rest_route=\/wp\/v2\/types\/page"}],"author":[{"embeddable":true,"href":"https:\/\/gops.nozdrzec.pl\/index.php?rest_route=\/wp\/v2\/users\/1"}],"replies":[{"embeddable":true,"href":"https:\/\/gops.nozdrzec.pl\/index.php?rest_route=%2Fwp%2Fv2%2Fcomments&post=20"}],"version-history":[{"count":9,"href":"https:\/\/gops.nozdrzec.pl\/index.php?rest_route=\/wp\/v2\/pages\/20\/revisions"}],"predecessor-version":[{"id":11978,"href":"https:\/\/gops.nozdrzec.pl\/index.php?rest_route=\/wp\/v2\/pages\/20\/revisions\/11978"}],"wp:attachment":[{"href":"https:\/\/gops.nozdrzec.pl\/index.php?rest_route=%2Fwp%2Fv2%2Fmedia&parent=20"}],"curies":[{"name":"wp","href":"https:\/\/api.w.org\/{rel}","templated":true}]}}